{"id":660,"date":"2020-04-26T21:32:41","date_gmt":"2020-04-26T21:32:41","guid":{"rendered":"https:\/\/harmonique.ch\/?page_id=660"},"modified":"2024-08-31T10:05:49","modified_gmt":"2024-08-31T10:05:49","slug":"lharmonisation-jardin-medecine-symbolique","status":"publish","type":"page","link":"https:\/\/harmonique.ch\/index.php\/lharmonisation-jardin-medecine-symbolique\/","title":{"rendered":"Espaces ext\u00e9rieurs"},"content":{"rendered":"<p>L&rsquo;harmonisation des espaces ext\u00e9rieurs concerne tout type d&rsquo;espace. Nous allons \u00e0 la rencontre de l&rsquo;\u00e2me du lieu, pour \u00e9couter ses messages, pour l&rsquo;habitant et les usagers.<\/p>\n<p>&nbsp;<\/p>\n<h3>Harmonisation des espaces priv\u00e9s et publics ext\u00e9rieurs<\/h3>\n<p>Tout espace de vie \u00e9met des vibrations, que les usagers ressentent et qui induisent des comportements (par exemple, envie de s&rsquo;arr\u00eater dans un endroit sp\u00e9cifique, ou zone inutilis\u00e9e, local donnant sur cet espace qui n&rsquo;attire pas, difficile \u00e0 louer, etc.). De m\u00eame, les comportements des usagers, leur \u00e9tat d&rsquo;\u00eatre, impacte les espaces et impriment l&rsquo;invisible.<\/p>\n<p>La d\u00e9marche d&rsquo;harmonisation sera calibr\u00e9e \u00e0 la demande sp\u00e9cifique re\u00e7ue, en termes de m\u00e9thode, public participant, dur\u00e9e.<\/p>\n<p>Contact pour un devis: contact@harmonique.ch, t\u00e9l. +41765840250<\/p>\n<p>&nbsp;<\/p>\n<h3>Harmonisation des jardins<\/h3>\n<p style=\"text-align: left;\"><strong>Prendre soin de son jardin, c&rsquo;est symboliquement prendre soin de soi<\/strong>: son jardin int\u00e9rieur, qui demande \u00e0 \u00eatre choy\u00e9, cultiv\u00e9, &#8230; pour donner vie, cr\u00e9er!<\/p>\n<p style=\"text-align: left;\">Votre jardin est rempli de symboles\u00a0qui parlent de vous, les avez-vous d\u00e9j\u00e0 \u00e9cout\u00e9s? Avez-vous un ressenti particulier dans certains zones de votre jardin? Peut-\u00eatre s&rsquo;agit-il d&rsquo;une connexion particuli\u00e8re aux \u00e9l\u00e9ments qui le composent: la terre, l&rsquo;air, l&rsquo;eau, le feu?<\/p>\n<p style=\"text-align: left;\">L&rsquo;approche aux baguettes coud\u00e9es permet de d\u00e9couvrir ce lien intime et profond avec les \u00e9l\u00e9ments de la nature, r\u00e9v\u00e8le des points \u00e9nerg\u00e9tiques, sugg\u00e8re des am\u00e9nagements, des plantations, nettoie, soigne le jardin et son habitant.<\/p>\n<p style=\"text-align: left;\">Gr\u00e2ce aux baguettes coud\u00e9es il est aussi possible de d\u00e9terminer le meilleur endroit pour planter &#8211; constitution d&rsquo;un potager.<\/p>\n<p style=\"text-align: left;\">Quelles graines allez-vous semer, dans la terre comme dans votre vie, pour en r\u00e9colter les fruits dans quelques mois?<\/p>\n<p><img loading=\"lazy\" decoding=\"async\" class=\"alignleft  wp-image-794\" src=\"https:\/\/harmonique.ch\/wp-content\/uploads\/2021\/02\/harmonisation-jardin-medecine-symbolique-Gandy-baguettes-768x1024.jpg\" alt=\"\" width=\"232\" height=\"310\" srcset=\"https:\/\/harmonique.ch\/wp-content\/uploads\/2021\/02\/harmonisation-jardin-medecine-symbolique-Gandy-baguettes-768x1024.jpg 768w, https:\/\/harmonique.ch\/wp-content\/uploads\/2021\/02\/harmonisation-jardin-medecine-symbolique-Gandy-baguettes-225x300.jpg 225w, https:\/\/harmonique.ch\/wp-content\/uploads\/2021\/02\/harmonisation-jardin-medecine-symbolique-Gandy-baguettes-1152x1536.jpg 1152w, https:\/\/harmonique.ch\/wp-content\/uploads\/2021\/02\/harmonisation-jardin-medecine-symbolique-Gandy-baguettes-1536x2048.jpg 1536w, https:\/\/harmonique.ch\/wp-content\/uploads\/2021\/02\/harmonisation-jardin-medecine-symbolique-Gandy-baguettes-scaled.jpg 1920w\" sizes=\"auto, (max-width: 232px) 100vw, 232px\" \/><\/p>\n<p>&nbsp;<\/p>\n<p>&nbsp;<\/p>\n<p>&nbsp;<\/p>\n<p>&nbsp;<\/p>\n<p>&nbsp;<\/p>\n<p>&nbsp;<\/p>\n<p>&nbsp;<\/p>\n<p>&nbsp;<\/p>\n<p>&nbsp;<\/p>\n<p>&nbsp;<\/p>\n","protected":false},"excerpt":{"rendered":"<p>L&rsquo;harmonisation des espaces ext\u00e9rieurs concerne tout type d&rsquo;espace. Nous allons \u00e0 la rencontre de l&rsquo;\u00e2me du lieu, pour \u00e9couter ses messages, pour l&rsquo;habitant et les usagers. &nbsp; Harmonisation des espaces priv\u00e9s et publics ext\u00e9rieurs Tout espace de vie \u00e9met des vibrations, que les usagers ressentent et qui induisent des comportements (par exemple, envie de s&rsquo;arr\u00eater [&hellip;]<\/p>\n","protected":false},"author":2,"featured_media":0,"parent":0,"menu_order":0,"comment_status":"closed","ping_status":"closed","template":"","meta":{"footnotes":""},"class_list":["post-660","page","type-page","status-publish","hentry"],"_links":{"self":[{"href":"https:\/\/harmonique.ch\/index.php\/wp-json\/wp\/v2\/pages\/660","targetHints":{"allow":["GET"]}}],"collection":[{"href":"https:\/\/harmonique.ch\/index.php\/wp-json\/wp\/v2\/pages"}],"about":[{"href":"https:\/\/harmonique.ch\/index.php\/wp-json\/wp\/v2\/types\/page"}],"author":[{"embeddable":true,"href":"https:\/\/harmonique.ch\/index.php\/wp-json\/wp\/v2\/users\/2"}],"replies":[{"embeddable":true,"href":"https:\/\/harmonique.ch\/index.php\/wp-json\/wp\/v2\/comments?post=660"}],"version-history":[{"count":5,"href":"https:\/\/harmonique.ch\/index.php\/wp-json\/wp\/v2\/pages\/660\/revisions"}],"predecessor-version":[{"id":1121,"href":"https:\/\/harmonique.ch\/index.php\/wp-json\/wp\/v2\/pages\/660\/revisions\/1121"}],"wp:attachment":[{"href":"https:\/\/harmonique.ch\/index.php\/wp-json\/wp\/v2\/media?parent=660"}],"curies":[{"name":"wp","href":"https:\/\/api.w.org\/{rel}","templated":true}]}}