{"id":365,"date":"2019-03-08T14:51:01","date_gmt":"2019-03-08T14:51:01","guid":{"rendered":"https:\/\/harmonique.ch\/?page_id=365"},"modified":"2024-08-31T10:09:22","modified_gmt":"2024-08-31T10:09:22","slug":"soins-ame-lignee-familiale-medecine-symbolique-geneve","status":"publish","type":"page","link":"https:\/\/harmonique.ch\/index.php\/soins-ame-lignee-familiale-medecine-symbolique-geneve\/","title":{"rendered":"Consultations"},"content":{"rendered":"\r\n\r\n\r\n<p class=\"wp-block-paragraph\">La m\u00e9decine symbolique est une m\u00e9decine de l\u2019\u00e2me. Lorsque l\u2019\u00e2me (la partie spirituelle de l\u2019individu, ce qui l\u2019anime et le met en joie), est \u00abcontrari\u00e9e\u00bb, toutes sortes de perturbations se manifestent (comportement, sch\u00e9mas compulsifs, situations r\u00e9p\u00e9titives, etc.) et peuvent induire des sympt\u00f4mes physiques.<\/p>\r\n<p><strong>Comment se d\u00e9roule une consultation?<\/strong><\/p>\r\n\r\n\r\n\r\n<p class=\"wp-block-paragraph\">Vous exposez votre situation, votre demande, ce pour quoi vous venez me voir. Je me branche avec les baguettes coud\u00e9es et, ensemble, nous suivons et d\u00e9cryptons les messages de l\u2019invisible, au fur et \u00e0 mesure des d\u00e9tections.<\/p>\r\n<p>Quelques exemples de d\u00e9tections possibles et r\u00e9ponse apport\u00e9es:<\/p>\r\n<ul>\r\n<li>Une constellation familiale symbolique peut se mettre en place, r\u00e9v\u00e9lant les relations inconscientes entre les personnes repr\u00e9sent\u00e9es. Le soin consiste alors \u00e0 entendre les messages pour votre \u00e2me et permettre l&rsquo;harmonisation, lib\u00e9rer les bloquages.<\/li>\r\n<li>Perturbations dans les corps \u00e9nerg\u00e9tiques, entit\u00e9s. Elles se d\u00e9tectent lorsque votre conscience est m\u00fbre pour les laisser partir. Nous mettons du sens sur leur raison d&rsquo;\u00eatre, g\u00e9n\u00e9ralement un \u00e9v\u00e9nement trop difficile \u00e0 supporter, qui a provoqu\u00e9 un clivage. Lorsque le sens de l&rsquo;\u00e9v\u00e9nement est entendu, l&rsquo;entit\u00e9 peut \u00eatre lib\u00e9r\u00e9e et vos corps \u00e9nerg\u00e9tiques renforc\u00e9s.<\/li>\r\n<li>Pollution dans les lign\u00e9es familiales. Il s&rsquo;agit alors d&rsquo;entendre le message transmis par les anc\u00eatres, puis d&rsquo;effectuer le soin pour lib\u00e9rer les blocages, pour que cessent les r\u00e9p\u00e9titions.<\/li>\r\n<\/ul>\r\n<p>C&rsquo;est l&rsquo;invisible qui \u00e0 chaque s\u00e9ance d\u00e9cide du soin le plus appropri\u00e9 pour vous. Vous \u00eates pleinement acteur du processus, car vous poss\u00e9dez en vous toutes les cl\u00e9s. Je suis l\u00e0 pour vous aider \u00e0 comprendre et int\u00e9grer les messages symboliques. La s\u00e9ance dure 1h \u00e0 1h30.<\/p>\r\n\r\n\r\n\r\n<p class=\"wp-block-paragraph\"><strong>Pour qui?<\/strong><\/p>\r\n\r\n\r\n\r\n<p class=\"wp-block-paragraph\">Chacun peut recevoir un soin en m\u00e9decine symbolique. La s\u00e9ance se d\u00e9roule g\u00e9n\u00e9ralement debout, mais en cas d&rsquo;impossibilit\u00e9 il est possible de s&rsquo;asseoir. Les soins sont aussi adapt\u00e9s pour les animaux, ils se d\u00e9roulent avec leur accompagnant humain (voire rubrique \u00ab\u00a0<a href=\"https:\/\/harmonique.ch\/index.php\/medecine-symbolique-geneve-soin-ame\/soins-cheval-cavalier-et-harmonisation-des-ecuries\/\">soin aux animaux<\/a>\u00ab\u00a0).<\/p>\r\n\r\n\r\n\r\n<p class=\"wp-block-paragraph\"><strong>Pour quoi?<\/strong><\/p>\r\n\r\n\r\n\r\n<p class=\"wp-block-paragraph\">Toute probl\u00e9matique de vie peut \u00eatre examin\u00e9e sous cet angle, qu&rsquo;il s&rsquo;agisse d&rsquo;une maladie physique, d&rsquo;un accident, d&rsquo;un blocage ressenti, d&rsquo;\u00e9v\u00e9nements ou situations r\u00e9currentes. La m\u00e9decine symbolique consid\u00e8re qu&rsquo;elles sont l\u00e0 pour \u00e9veiller notre conscience et sortir de vieux sch\u00e9mas pour aller vers du nouveau et le bien-\u00eatre. Les soins apport\u00e9s concernent notamment les corps \u00e9nerg\u00e9tiques, les lign\u00e9es familiales, les probl\u00e9matiques de l&rsquo;\u00e2me, dont d\u00e9coulent souvent les maux psychiques et physiques. La m\u00e9decine symbolique agit \u00e9galement en pr\u00e9vention, pour d\u00e9bloquer des probl\u00e9matiques avant qu&rsquo;elles ne s&rsquo;impriment sur le corps physique par une maladie.<\/p>\r\n\r\n\r\n\r\n<div>\r\n<p><strong>Les soins :<\/strong><\/p>\r\n<ul>\r\n<li>soins de lign\u00e9es familiales: traitement des pollutions de lign\u00e9es, qui se transmettent de g\u00e9n\u00e9ration en g\u00e9n\u00e9ration<\/li>\r\n<li>soins de l&rsquo;\u00e2me (karmique)<\/li>\r\n<li>nettoyage des corps \u00e9nerg\u00e9tiques (entit\u00e9s, pollutions&#8230;)<\/li>\r\n<li>auras (la forme de votre aura au moment de la s\u00e9ance et les probl\u00e9matiques d\u00e9tect\u00e9es)\u00a0<\/li>\r\n<li>constellations familiales: prendre conscience de ce qui se joue et harmoniser ses relations<\/li>\r\n<\/ul>\r\n<\/div>\r\n\r\n\r\n\r\n\r\n\r\n<p class=\"wp-block-paragraph\">&nbsp;<\/p>","protected":false},"excerpt":{"rendered":"<p>La m\u00e9decine symbolique est une m\u00e9decine de l\u2019\u00e2me. Lorsque l\u2019\u00e2me (la partie spirituelle de l\u2019individu, ce qui l\u2019anime et le met en joie), est \u00abcontrari\u00e9e\u00bb, toutes sortes de perturbations se manifestent (comportement, sch\u00e9mas compulsifs, situations r\u00e9p\u00e9titives, etc.) et peuvent induire des sympt\u00f4mes physiques. Comment se d\u00e9roule une consultation? Vous exposez votre situation, votre demande, ce [&hellip;]<\/p>\n","protected":false},"author":2,"featured_media":0,"parent":0,"menu_order":0,"comment_status":"closed","ping_status":"closed","template":"","meta":{"footnotes":""},"class_list":["post-365","page","type-page","status-publish","hentry"],"_links":{"self":[{"href":"https:\/\/harmonique.ch\/index.php\/wp-json\/wp\/v2\/pages\/365","targetHints":{"allow":["GET"]}}],"collection":[{"href":"https:\/\/harmonique.ch\/index.php\/wp-json\/wp\/v2\/pages"}],"about":[{"href":"https:\/\/harmonique.ch\/index.php\/wp-json\/wp\/v2\/types\/page"}],"author":[{"embeddable":true,"href":"https:\/\/harmonique.ch\/index.php\/wp-json\/wp\/v2\/users\/2"}],"replies":[{"embeddable":true,"href":"https:\/\/harmonique.ch\/index.php\/wp-json\/wp\/v2\/comments?post=365"}],"version-history":[{"count":12,"href":"https:\/\/harmonique.ch\/index.php\/wp-json\/wp\/v2\/pages\/365\/revisions"}],"predecessor-version":[{"id":1125,"href":"https:\/\/harmonique.ch\/index.php\/wp-json\/wp\/v2\/pages\/365\/revisions\/1125"}],"wp:attachment":[{"href":"https:\/\/harmonique.ch\/index.php\/wp-json\/wp\/v2\/media?parent=365"}],"curies":[{"name":"wp","href":"https:\/\/api.w.org\/{rel}","templated":true}]}}